{"id":376,"date":"2025-03-27T06:45:53","date_gmt":"2025-03-27T05:45:53","guid":{"rendered":"https:\/\/malteriaarbequina.com\/?page_id=376"},"modified":"2025-09-22T06:52:36","modified_gmt":"2025-09-22T04:52:36","slug":"departament-tecnic","status":"publish","type":"page","link":"https:\/\/malteriaarbequina.com\/ca\/departament-tecnic\/","title":{"rendered":"Departament t\u00e8cnic"},"content":{"rendered":"\t\t<div data-elementor-type=\"wp-page\" data-elementor-id=\"376\" class=\"elementor elementor-376 elementor-30\" data-elementor-post-type=\"page\">\n\t\t\t\t<div class=\"elementor-element elementor-element-915394a e-flex e-con-boxed e-con e-parent\" data-id=\"915394a\" data-element_type=\"container\" data-e-type=\"container\" data-settings=\"{&quot;background_background&quot;:&quot;classic&quot;}\">\n\t\t\t\t\t<div class=\"e-con-inner\">\n\t\t\t\t<div class=\"elementor-element elementor-element-009c668 elementor-widget elementor-widget-heading\" data-id=\"009c668\" data-element_type=\"widget\" data-e-type=\"widget\" data-widget_type=\"heading.default\">\n\t\t\t\t<div class=\"elementor-widget-container\">\n\t\t\t\t\t<h1 class=\"elementor-heading-title elementor-size-default\">departament<br>t\u00e8cnic<\/h1>\t\t\t\t<\/div>\n\t\t\t\t<\/div>\n\t\t\t\t\t<\/div>\n\t\t\t\t<\/div>\n\t\t<div class=\"elementor-element elementor-element-c0046e3 e-flex e-con-boxed e-con e-parent\" data-id=\"c0046e3\" data-element_type=\"container\" data-e-type=\"container\">\n\t\t\t\t\t<div class=\"e-con-inner\">\n\t\t<div class=\"elementor-element elementor-element-ba896b8 e-con-full e-flex e-con e-child\" data-id=\"ba896b8\" data-element_type=\"container\" data-e-type=\"container\">\n\t\t\t\t<div class=\"elementor-element elementor-element-bb1f5d0 elementor-widget elementor-widget-heading\" data-id=\"bb1f5d0\" data-element_type=\"widget\" data-e-type=\"widget\" data-widget_type=\"heading.default\">\n\t\t\t\t<div class=\"elementor-widget-container\">\n\t\t\t\t\t<h2 class=\"elementor-heading-title elementor-size-default\">INNOVACI\u00d3, COL\u00b7LABORACI\u00d3 I PERSONALITZACI\u00d3<\/h2>\t\t\t\t<\/div>\n\t\t\t\t<\/div>\n\t\t\t\t<div class=\"elementor-element elementor-element-fd44130 elementor-widget elementor-widget-text-editor\" data-id=\"fd44130\" data-element_type=\"widget\" data-e-type=\"widget\" data-widget_type=\"text-editor.default\">\n\t\t\t\t<div class=\"elementor-widget-container\">\n\t\t\t\t\t\t\t\t\tA Malteria Arbequina tenim clar que el <strong>esperit cooperatiu i el<\/strong><strong>suport a les iniciatives rurals<\/strong> s\u00f3n fonamentals per cr\u00e9ixer de manera sostenible. Per aix\u00f2, el disseny del nostre proc\u00e9s de transformaci\u00f3 de cereal en malt est\u00e0 pensat per treballar tant amb cereals propis de la Cooperativa Arbequina com amb cereals de <strong>petits productors, grups o associacions cerveseres <\/strong><strong>artesanes<\/strong> que vulguin crear <strong>la seva pr\u00f2pia malta base personalitzada<\/strong. Aix\u00ed, ajudem a oferir un producte \u00fanic amb un clar valor diferencial al mercat: <strong>origen propi, producte diferent<\/strong>.\t\t\t\t\t\t\t\t<\/div>\n\t\t\t\t<\/div>\n\t\t\t\t<\/div>\n\t\t<div class=\"elementor-element elementor-element-dadc893 e-con-full e-flex e-con e-child\" data-id=\"dadc893\" data-element_type=\"container\" data-e-type=\"container\">\n\t\t\t\t<div class=\"elementor-element elementor-element-1efc32a elementor-widget elementor-widget-heading\" data-id=\"1efc32a\" data-element_type=\"widget\" data-e-type=\"widget\" data-widget_type=\"heading.default\">\n\t\t\t\t<div class=\"elementor-widget-container\">\n\t\t\t\t\t<h2 class=\"elementor-heading-title elementor-size-default\">CONTROL DE QUALITAT GARANTIT<\/h2>\t\t\t\t<\/div>\n\t\t\t\t<\/div>\n\t\t\t\t<div class=\"elementor-element elementor-element-606d528 elementor-widget elementor-widget-text-editor\" data-id=\"606d528\" data-element_type=\"widget\" data-e-type=\"widget\" data-widget_type=\"text-editor.default\">\n\t\t\t\t<div class=\"elementor-widget-container\">\n\t\t\t\t\t\t\t\t\tPer garantir que la nostra malta sigui sempre de la <strong>millor <\/strong><strong>qualitat<\/strong>, comptem amb un <strong>modern laboratori d&#8217;an\u00e0lisi <\/strong>equipat per controlar totes les variables necess\u00e0ries, tant als cereals que arriben com al malt que produ\u00efm. I com volem que aquest recurs tamb\u00e9 serveixi per impulsar el sector cerveser, aquest laboratori estar\u00e0 <strong>obert a col\u00b7laboracions <\/strong>externes a la Cooperativa.\t\t\t\t\t\t\t\t<\/div>\n\t\t\t\t<\/div>\n\t\t\t\t<\/div>\n\t\t\t\t\t<\/div>\n\t\t\t\t<\/div>\n\t\t<div class=\"elementor-element elementor-element-229217b e-flex e-con-boxed e-con e-parent\" data-id=\"229217b\" data-element_type=\"container\" data-e-type=\"container\" data-settings=\"{&quot;background_background&quot;:&quot;classic&quot;}\">\n\t\t\t\t\t<div class=\"e-con-inner\">\n\t\t<div class=\"elementor-element elementor-element-6cce415 e-con-full e-flex e-con e-child\" data-id=\"6cce415\" data-element_type=\"container\" data-e-type=\"container\">\n\t\t\t\t<div class=\"elementor-element elementor-element-2fe1fc1 elementor-widget elementor-widget-heading\" data-id=\"2fe1fc1\" data-element_type=\"widget\" data-e-type=\"widget\" data-widget_type=\"heading.default\">\n\t\t\t\t<div class=\"elementor-widget-container\">\n\t\t\t\t\t<h2 class=\"elementor-heading-title elementor-size-default\">TECNOLOGIA MODERNA AL SERVEI DE LA QUALITAT<\/h2>\t\t\t\t<\/div>\n\t\t\t\t<\/div>\n\t\t\t\t<\/div>\n\t\t<div class=\"elementor-element elementor-element-aaaae3e e-con-full e-flex e-con e-child\" data-id=\"aaaae3e\" data-element_type=\"container\" data-e-type=\"container\">\n\t\t\t\t<div class=\"elementor-element elementor-element-e930db4 elementor-widget elementor-widget-text-editor\" data-id=\"e930db4\" data-element_type=\"widget\" data-e-type=\"widget\" data-widget_type=\"text-editor.default\">\n\t\t\t\t<div class=\"elementor-widget-container\">\n\t\t\t\t\t\t\t\t\tA Malteria Arbequina hem apostat per la tecnologia de <strong>caixa-salad\u00ed<\/strong>, un sistema avan\u00e7at que, juntament amb el control autom\u00e0tic de processos com <strong>la neteja, homogene\u00eftzaci\u00f3 i <\/strong><strong>paletitzaci\u00f3<\/strong>, ens permet garantir que cada lot de malt compleixi amb els <strong>m\u00e9s alts.\t\t\t\t\t\t\t\t<\/div>\n\t\t\t\t<\/div>\n\t\t\t\t<\/div>\n\t\t\t\t\t<\/div>\n\t\t\t\t<\/div>\n\t\t<div class=\"elementor-element elementor-element-06fd330 e-flex e-con-boxed e-con e-parent\" data-id=\"06fd330\" data-element_type=\"container\" data-e-type=\"container\" data-settings=\"{&quot;background_background&quot;:&quot;classic&quot;}\">\n\t\t\t\t\t<div class=\"e-con-inner\">\n\t\t\t\t<div class=\"elementor-element elementor-element-5ba955f elementor-widget elementor-widget-heading\" data-id=\"5ba955f\" data-element_type=\"widget\" data-e-type=\"widget\" data-widget_type=\"heading.default\">\n\t\t\t\t<div class=\"elementor-widget-container\">\n\t\t\t\t\t<h3 class=\"elementor-heading-title elementor-size-default\">fem la teva pr\u00f2pia malta<\/h3>\t\t\t\t<\/div>\n\t\t\t\t<\/div>\n\t\t\t\t\t<\/div>\n\t\t\t\t<\/div>\n\t\t<div class=\"elementor-element elementor-element-60b5846 e-flex e-con-boxed e-con e-parent\" data-id=\"60b5846\" data-element_type=\"container\" data-e-type=\"container\">\n\t\t\t\t\t<div class=\"e-con-inner\">\n\t\t<div class=\"elementor-element elementor-element-4efeb98 e-con-full e-flex e-con e-child\" data-id=\"4efeb98\" data-element_type=\"container\" data-e-type=\"container\">\n\t\t\t\t<div class=\"elementor-element elementor-element-5c15f3f elementor-widget elementor-widget-image\" data-id=\"5c15f3f\" data-element_type=\"widget\" data-e-type=\"widget\" data-widget_type=\"image.default\">\n\t\t\t\t<div class=\"elementor-widget-container\">\n\t\t\t\t\t\t\t\t\t\t\t\t\t\t\t<img decoding=\"async\" width=\"28\" height=\"27\" src=\"https:\/\/malteriaarbequina.com\/wp-content\/uploads\/2025\/04\/senefa_3.png\" class=\"attachment-large size-large wp-image-351\" alt=\"\" \/>\t\t\t\t\t\t\t\t\t\t\t\t\t\t\t<\/div>\n\t\t\t\t<\/div>\n\t\t\t\t<div class=\"elementor-element elementor-element-9465db0 elementor-widget elementor-widget-heading\" data-id=\"9465db0\" data-element_type=\"widget\" data-e-type=\"widget\" data-widget_type=\"heading.default\">\n\t\t\t\t<div class=\"elementor-widget-container\">\n\t\t\t\t\t<h2 class=\"elementor-heading-title elementor-size-default\">el nostre equip<\/h2>\t\t\t\t<\/div>\n\t\t\t\t<\/div>\n\t\t\t\t<\/div>\n\t\t\t\t\t<\/div>\n\t\t\t\t<\/div>\n\t\t<div class=\"elementor-element elementor-element-25f3b2b e-grid e-con-boxed e-con e-parent\" data-id=\"25f3b2b\" data-element_type=\"container\" data-e-type=\"container\">\n\t\t\t\t\t<div class=\"e-con-inner\">\n\t\t\t\t<div class=\"elementor-element elementor-element-61d7bb3 elementor-position-top elementor-widget elementor-widget-image-box\" data-id=\"61d7bb3\" data-element_type=\"widget\" data-e-type=\"widget\" data-widget_type=\"image-box.default\">\n\t\t\t\t<div class=\"elementor-widget-container\">\n\t\t\t\t\t<div class=\"elementor-image-box-wrapper\"><figure class=\"elementor-image-box-img\"><img fetchpriority=\"high\" decoding=\"async\" width=\"900\" height=\"1200\" src=\"https:\/\/malteriaarbequina.com\/wp-content\/uploads\/2025\/04\/equip-jaume.png\" class=\"elementor-animation-float attachment-full size-full wp-image-264\" alt=\"\" srcset=\"https:\/\/malteriaarbequina.com\/wp-content\/uploads\/2025\/04\/equip-jaume.png 900w, https:\/\/malteriaarbequina.com\/wp-content\/uploads\/2025\/04\/equip-jaume-600x800.png 600w, https:\/\/malteriaarbequina.com\/wp-content\/uploads\/2025\/04\/equip-jaume-768x1024.png 768w, https:\/\/malteriaarbequina.com\/wp-content\/uploads\/2025\/04\/equip-jaume-18x24.png 18w, https:\/\/malteriaarbequina.com\/wp-content\/uploads\/2025\/04\/equip-jaume-27x36.png 27w, https:\/\/malteriaarbequina.com\/wp-content\/uploads\/2025\/04\/equip-jaume-36x48.png 36w\" sizes=\"(max-width: 900px) 100vw, 900px\" \/><\/figure><div class=\"elementor-image-box-content\"><h3 class=\"elementor-image-box-title\">Jaume Gotsens<\/h3><p class=\"elementor-image-box-description\"><strong>Responsable T\u00e8cnic<br>Agr\u00edcola de Cooperativa Arbequina<\/strong>\n<p>Enginyer Agr\u00f2nom (Universitat de Lleida)<br>\nEnginyer en cap de la Cooperativa Arbequina<br>\nResponsable dels processos industrials: cereal, oli, ametlla i malta\n<\/p><\/p><\/div><\/div>\t\t\t\t<\/div>\n\t\t\t\t<\/div>\n\t\t\t\t<div class=\"elementor-element elementor-element-d24d9d9 elementor-position-top elementor-widget elementor-widget-image-box\" data-id=\"d24d9d9\" data-element_type=\"widget\" data-e-type=\"widget\" data-widget_type=\"image-box.default\">\n\t\t\t\t<div class=\"elementor-widget-container\">\n\t\t\t\t\t<div class=\"elementor-image-box-wrapper\"><figure class=\"elementor-image-box-img\"><img decoding=\"async\" width=\"900\" height=\"1200\" src=\"https:\/\/malteriaarbequina.com\/wp-content\/uploads\/2025\/04\/equip-sara.png\" class=\"elementor-animation-float attachment-full size-full wp-image-265\" alt=\"\" srcset=\"https:\/\/malteriaarbequina.com\/wp-content\/uploads\/2025\/04\/equip-sara.png 900w, https:\/\/malteriaarbequina.com\/wp-content\/uploads\/2025\/04\/equip-sara-600x800.png 600w, https:\/\/malteriaarbequina.com\/wp-content\/uploads\/2025\/04\/equip-sara-768x1024.png 768w, https:\/\/malteriaarbequina.com\/wp-content\/uploads\/2025\/04\/equip-sara-18x24.png 18w, https:\/\/malteriaarbequina.com\/wp-content\/uploads\/2025\/04\/equip-sara-27x36.png 27w, https:\/\/malteriaarbequina.com\/wp-content\/uploads\/2025\/04\/equip-sara-36x48.png 36w\" sizes=\"(max-width: 900px) 100vw, 900px\" \/><\/figure><div class=\"elementor-image-box-content\"><h3 class=\"elementor-image-box-title\">Sara Perell\u00f3<\/h3><p class=\"elementor-image-box-description\"><strong>Cooperativa Arbequina.<\/strong>\n<p>Grau universitari (Universitat de Lleida)<br>\nResponsable t\u00e8cnic de la Malteria\n<\/p><\/p><\/div><\/div>\t\t\t\t<\/div>\n\t\t\t\t<\/div>\n\t\t\t\t<div class=\"elementor-element elementor-element-fa5ad2d elementor-position-top elementor-widget elementor-widget-image-box\" data-id=\"fa5ad2d\" data-element_type=\"widget\" data-e-type=\"widget\" data-widget_type=\"image-box.default\">\n\t\t\t\t<div class=\"elementor-widget-container\">\n\t\t\t\t\t<div class=\"elementor-image-box-wrapper\"><figure class=\"elementor-image-box-img\"><img loading=\"lazy\" decoding=\"async\" width=\"900\" height=\"1200\" src=\"https:\/\/malteriaarbequina.com\/wp-content\/uploads\/2025\/04\/equip-carles-abella-maestro-maltero.png\" class=\"elementor-animation-float attachment-full size-full wp-image-263\" alt=\"\" srcset=\"https:\/\/malteriaarbequina.com\/wp-content\/uploads\/2025\/04\/equip-carles-abella-maestro-maltero.png 900w, https:\/\/malteriaarbequina.com\/wp-content\/uploads\/2025\/04\/equip-carles-abella-maestro-maltero-600x800.png 600w, https:\/\/malteriaarbequina.com\/wp-content\/uploads\/2025\/04\/equip-carles-abella-maestro-maltero-768x1024.png 768w, https:\/\/malteriaarbequina.com\/wp-content\/uploads\/2025\/04\/equip-carles-abella-maestro-maltero-18x24.png 18w, https:\/\/malteriaarbequina.com\/wp-content\/uploads\/2025\/04\/equip-carles-abella-maestro-maltero-27x36.png 27w, https:\/\/malteriaarbequina.com\/wp-content\/uploads\/2025\/04\/equip-carles-abella-maestro-maltero-36x48.png 36w\" sizes=\"(max-width: 900px) 100vw, 900px\" \/><\/figure><div class=\"elementor-image-box-content\"><h3 class=\"elementor-image-box-title\">Carles Abella<\/h3><p class=\"elementor-image-box-description\"><strong>Assessor T\u00e8cnic.<\/strong>\n<p>Enginyer Agr\u00f2nom (Universitat de Lleida)<br>\nMestre Malter per l'Institut Fran\u00e7ais des Boison, de la Brasserie et de la Malterie (IFBM).<br>\nExperi\u00e8ncia de 23 anys en maltejat (Malteria La Moravia del Grup Damm)<\/p><\/p><\/div><\/div>\t\t\t\t<\/div>\n\t\t\t\t<\/div>\n\t\t\t\t\t<\/div>\n\t\t\t\t<\/div>\n\t\t<div class=\"elementor-element elementor-element-e1b9415 e-flex e-con-boxed e-con e-parent\" data-id=\"e1b9415\" data-element_type=\"container\" data-e-type=\"container\">\n\t\t\t\t\t<div class=\"e-con-inner\">\n\t\t\t\t<div class=\"elementor-element elementor-element-e372813 elementor-widget elementor-widget-heading\" data-id=\"e372813\" data-element_type=\"widget\" data-e-type=\"widget\" data-widget_type=\"heading.default\">\n\t\t\t\t<div class=\"elementor-widget-container\">\n\t\t\t\t\t<h3 class=\"elementor-heading-title elementor-size-default\">el nostre comprom\u00eds:<br>la m\u00e0xima qualitat<\/h3>\t\t\t\t<\/div>\n\t\t\t\t<\/div>\n\t\t\t\t\t<\/div>\n\t\t\t\t<\/div>\n\t\t\t\t<\/div>\n\t\t","protected":false},"excerpt":{"rendered":"<p>departamentt\u00e8cnic INNOVACI\u00d3, COL\u00b7LABORACI\u00d3 I PERSONALITZACI\u00d3 A Malteria Arbequina tenim clar que el esperit cooperatiu i elsuport a les iniciatives rurals s\u00f3n fonamentals per cr\u00e9ixer de manera sostenible. Per aix\u00f2, el disseny del nostre proc\u00e9s de transformaci\u00f3 de cereal en malt est\u00e0 pensat per treballar tant amb cereals propis de la Cooperativa Arbequina com amb cereals [&hellip;]<\/p>\n","protected":false},"author":1,"featured_media":0,"parent":0,"menu_order":0,"comment_status":"closed","ping_status":"closed","template":"","meta":{"_monsterinsights_skip_tracking":false,"_monsterinsights_sitenote_active":false,"_monsterinsights_sitenote_note":"","_monsterinsights_sitenote_category":0,"footnotes":""},"class_list":["post-376","page","type-page","status-publish","hentry"],"yoast_head":"<!-- This site is optimized with the Yoast SEO plugin v27.4 - https:\/\/yoast.com\/product\/yoast-seo-wordpress\/ -->\n<title>Departament t\u00e8cnic - Malteria Arbequina<\/title>\n<meta name=\"robots\" content=\"index, follow, max-snippet:-1, max-image-preview:large, max-video-preview:-1\" \/>\n<link rel=\"canonical\" href=\"https:\/\/malteriaarbequina.com\/ca\/departament-tecnic\/\" \/>\n<meta property=\"og:locale\" content=\"ca_ES\" \/>\n<meta property=\"og:type\" content=\"article\" \/>\n<meta property=\"og:title\" content=\"Departament t\u00e8cnic - Malteria Arbequina\" \/>\n<meta property=\"og:description\" content=\"departamentt\u00e8cnic INNOVACI\u00d3, COL\u00b7LABORACI\u00d3 I PERSONALITZACI\u00d3 A Malteria Arbequina tenim clar que el esperit cooperatiu i elsuport a les iniciatives rurals s\u00f3n fonamentals per cr\u00e9ixer de manera sostenible. Per aix\u00f2, el disseny del nostre proc\u00e9s de transformaci\u00f3 de cereal en malt est\u00e0 pensat per treballar tant amb cereals propis de la Cooperativa Arbequina com amb cereals [&hellip;]\" \/>\n<meta property=\"og:url\" content=\"https:\/\/malteriaarbequina.com\/ca\/departament-tecnic\/\" \/>\n<meta property=\"og:site_name\" content=\"Malteria Arbequina\" \/>\n<meta property=\"article:modified_time\" content=\"2025-09-22T04:52:36+00:00\" \/>\n<meta property=\"og:image\" content=\"https:\/\/malteriaarbequina.com\/wp-content\/uploads\/2025\/04\/senefa_3.png\" \/>\n\t<meta property=\"og:image:width\" content=\"28\" \/>\n\t<meta property=\"og:image:height\" content=\"27\" \/>\n\t<meta property=\"og:image:type\" content=\"image\/png\" \/>\n<meta name=\"twitter:card\" content=\"summary_large_image\" \/>\n<script type=\"application\/ld+json\" class=\"yoast-schema-graph\">{\"@context\":\"https:\\\/\\\/schema.org\",\"@graph\":[{\"@type\":\"WebPage\",\"@id\":\"https:\\\/\\\/malteriaarbequina.com\\\/ca\\\/departament-tecnic\\\/\",\"url\":\"https:\\\/\\\/malteriaarbequina.com\\\/ca\\\/departament-tecnic\\\/\",\"name\":\"Departament t\u00e8cnic - Malteria Arbequina\",\"isPartOf\":{\"@id\":\"https:\\\/\\\/malteriaarbequina.com\\\/ca\\\/#website\"},\"primaryImageOfPage\":{\"@id\":\"https:\\\/\\\/malteriaarbequina.com\\\/ca\\\/departament-tecnic\\\/#primaryimage\"},\"image\":{\"@id\":\"https:\\\/\\\/malteriaarbequina.com\\\/ca\\\/departament-tecnic\\\/#primaryimage\"},\"thumbnailUrl\":\"https:\\\/\\\/malteriaarbequina.com\\\/wp-content\\\/uploads\\\/2025\\\/04\\\/senefa_3.png\",\"datePublished\":\"2025-03-27T05:45:53+00:00\",\"dateModified\":\"2025-09-22T04:52:36+00:00\",\"breadcrumb\":{\"@id\":\"https:\\\/\\\/malteriaarbequina.com\\\/ca\\\/departament-tecnic\\\/#breadcrumb\"},\"inLanguage\":\"ca\",\"potentialAction\":[{\"@type\":\"ReadAction\",\"target\":[\"https:\\\/\\\/malteriaarbequina.com\\\/ca\\\/departament-tecnic\\\/\"]}]},{\"@type\":\"ImageObject\",\"inLanguage\":\"ca\",\"@id\":\"https:\\\/\\\/malteriaarbequina.com\\\/ca\\\/departament-tecnic\\\/#primaryimage\",\"url\":\"https:\\\/\\\/malteriaarbequina.com\\\/wp-content\\\/uploads\\\/2025\\\/04\\\/senefa_3.png\",\"contentUrl\":\"https:\\\/\\\/malteriaarbequina.com\\\/wp-content\\\/uploads\\\/2025\\\/04\\\/senefa_3.png\"},{\"@type\":\"BreadcrumbList\",\"@id\":\"https:\\\/\\\/malteriaarbequina.com\\\/ca\\\/departament-tecnic\\\/#breadcrumb\",\"itemListElement\":[{\"@type\":\"ListItem\",\"position\":1,\"name\":\"Portada\",\"item\":\"https:\\\/\\\/malteriaarbequina.com\\\/ca\\\/\"},{\"@type\":\"ListItem\",\"position\":2,\"name\":\"Departament t\u00e8cnic\"}]},{\"@type\":\"WebSite\",\"@id\":\"https:\\\/\\\/malteriaarbequina.com\\\/ca\\\/#website\",\"url\":\"https:\\\/\\\/malteriaarbequina.com\\\/ca\\\/\",\"name\":\"Malteria Arbequina\",\"description\":\"Malta artesana para artesanos\",\"publisher\":{\"@id\":\"https:\\\/\\\/malteriaarbequina.com\\\/ca\\\/#organization\"},\"potentialAction\":[{\"@type\":\"SearchAction\",\"target\":{\"@type\":\"EntryPoint\",\"urlTemplate\":\"https:\\\/\\\/malteriaarbequina.com\\\/ca\\\/?s={search_term_string}\"},\"query-input\":{\"@type\":\"PropertyValueSpecification\",\"valueRequired\":true,\"valueName\":\"search_term_string\"}}],\"inLanguage\":\"ca\"},{\"@type\":\"Organization\",\"@id\":\"https:\\\/\\\/malteriaarbequina.com\\\/ca\\\/#organization\",\"name\":\"Malteria Arbequina\",\"url\":\"https:\\\/\\\/malteriaarbequina.com\\\/ca\\\/\",\"logo\":{\"@type\":\"ImageObject\",\"inLanguage\":\"ca\",\"@id\":\"https:\\\/\\\/malteriaarbequina.com\\\/ca\\\/#\\\/schema\\\/logo\\\/image\\\/\",\"url\":\"https:\\\/\\\/malteriaarbequina.com\\\/wp-content\\\/uploads\\\/2025\\\/04\\\/logo-malteria.png\",\"contentUrl\":\"https:\\\/\\\/malteriaarbequina.com\\\/wp-content\\\/uploads\\\/2025\\\/04\\\/logo-malteria.png\",\"width\":1149,\"height\":686,\"caption\":\"Malteria Arbequina\"},\"image\":{\"@id\":\"https:\\\/\\\/malteriaarbequina.com\\\/ca\\\/#\\\/schema\\\/logo\\\/image\\\/\"}}]}<\/script>\n<!-- \/ Yoast SEO plugin. -->","yoast_head_json":{"title":"Departament t\u00e8cnic - Malteria Arbequina","robots":{"index":"index","follow":"follow","max-snippet":"max-snippet:-1","max-image-preview":"max-image-preview:large","max-video-preview":"max-video-preview:-1"},"canonical":"https:\/\/malteriaarbequina.com\/ca\/departament-tecnic\/","og_locale":"ca_ES","og_type":"article","og_title":"Departament t\u00e8cnic - Malteria Arbequina","og_description":"departamentt\u00e8cnic INNOVACI\u00d3, COL\u00b7LABORACI\u00d3 I PERSONALITZACI\u00d3 A Malteria Arbequina tenim clar que el esperit cooperatiu i elsuport a les iniciatives rurals s\u00f3n fonamentals per cr\u00e9ixer de manera sostenible. Per aix\u00f2, el disseny del nostre proc\u00e9s de transformaci\u00f3 de cereal en malt est\u00e0 pensat per treballar tant amb cereals propis de la Cooperativa Arbequina com amb cereals [&hellip;]","og_url":"https:\/\/malteriaarbequina.com\/ca\/departament-tecnic\/","og_site_name":"Malteria Arbequina","article_modified_time":"2025-09-22T04:52:36+00:00","og_image":[{"width":28,"height":27,"url":"https:\/\/malteriaarbequina.com\/wp-content\/uploads\/2025\/04\/senefa_3.png","type":"image\/png"}],"twitter_card":"summary_large_image","schema":{"@context":"https:\/\/schema.org","@graph":[{"@type":"WebPage","@id":"https:\/\/malteriaarbequina.com\/ca\/departament-tecnic\/","url":"https:\/\/malteriaarbequina.com\/ca\/departament-tecnic\/","name":"Departament t\u00e8cnic - Malteria Arbequina","isPartOf":{"@id":"https:\/\/malteriaarbequina.com\/ca\/#website"},"primaryImageOfPage":{"@id":"https:\/\/malteriaarbequina.com\/ca\/departament-tecnic\/#primaryimage"},"image":{"@id":"https:\/\/malteriaarbequina.com\/ca\/departament-tecnic\/#primaryimage"},"thumbnailUrl":"https:\/\/malteriaarbequina.com\/wp-content\/uploads\/2025\/04\/senefa_3.png","datePublished":"2025-03-27T05:45:53+00:00","dateModified":"2025-09-22T04:52:36+00:00","breadcrumb":{"@id":"https:\/\/malteriaarbequina.com\/ca\/departament-tecnic\/#breadcrumb"},"inLanguage":"ca","potentialAction":[{"@type":"ReadAction","target":["https:\/\/malteriaarbequina.com\/ca\/departament-tecnic\/"]}]},{"@type":"ImageObject","inLanguage":"ca","@id":"https:\/\/malteriaarbequina.com\/ca\/departament-tecnic\/#primaryimage","url":"https:\/\/malteriaarbequina.com\/wp-content\/uploads\/2025\/04\/senefa_3.png","contentUrl":"https:\/\/malteriaarbequina.com\/wp-content\/uploads\/2025\/04\/senefa_3.png"},{"@type":"BreadcrumbList","@id":"https:\/\/malteriaarbequina.com\/ca\/departament-tecnic\/#breadcrumb","itemListElement":[{"@type":"ListItem","position":1,"name":"Portada","item":"https:\/\/malteriaarbequina.com\/ca\/"},{"@type":"ListItem","position":2,"name":"Departament t\u00e8cnic"}]},{"@type":"WebSite","@id":"https:\/\/malteriaarbequina.com\/ca\/#website","url":"https:\/\/malteriaarbequina.com\/ca\/","name":"Malteria Arbequina","description":"Malta artesana para artesanos","publisher":{"@id":"https:\/\/malteriaarbequina.com\/ca\/#organization"},"potentialAction":[{"@type":"SearchAction","target":{"@type":"EntryPoint","urlTemplate":"https:\/\/malteriaarbequina.com\/ca\/?s={search_term_string}"},"query-input":{"@type":"PropertyValueSpecification","valueRequired":true,"valueName":"search_term_string"}}],"inLanguage":"ca"},{"@type":"Organization","@id":"https:\/\/malteriaarbequina.com\/ca\/#organization","name":"Malteria Arbequina","url":"https:\/\/malteriaarbequina.com\/ca\/","logo":{"@type":"ImageObject","inLanguage":"ca","@id":"https:\/\/malteriaarbequina.com\/ca\/#\/schema\/logo\/image\/","url":"https:\/\/malteriaarbequina.com\/wp-content\/uploads\/2025\/04\/logo-malteria.png","contentUrl":"https:\/\/malteriaarbequina.com\/wp-content\/uploads\/2025\/04\/logo-malteria.png","width":1149,"height":686,"caption":"Malteria Arbequina"},"image":{"@id":"https:\/\/malteriaarbequina.com\/ca\/#\/schema\/logo\/image\/"}}]}},"_links":{"self":[{"href":"https:\/\/malteriaarbequina.com\/ca\/wp-json\/wp\/v2\/pages\/376","targetHints":{"allow":["GET"]}}],"collection":[{"href":"https:\/\/malteriaarbequina.com\/ca\/wp-json\/wp\/v2\/pages"}],"about":[{"href":"https:\/\/malteriaarbequina.com\/ca\/wp-json\/wp\/v2\/types\/page"}],"author":[{"embeddable":true,"href":"https:\/\/malteriaarbequina.com\/ca\/wp-json\/wp\/v2\/users\/1"}],"replies":[{"embeddable":true,"href":"https:\/\/malteriaarbequina.com\/ca\/wp-json\/wp\/v2\/comments?post=376"}],"version-history":[{"count":7,"href":"https:\/\/malteriaarbequina.com\/ca\/wp-json\/wp\/v2\/pages\/376\/revisions"}],"predecessor-version":[{"id":849,"href":"https:\/\/malteriaarbequina.com\/ca\/wp-json\/wp\/v2\/pages\/376\/revisions\/849"}],"wp:attachment":[{"href":"https:\/\/malteriaarbequina.com\/ca\/wp-json\/wp\/v2\/media?parent=376"}],"curies":[{"name":"wp","href":"https:\/\/api.w.org\/{rel}","templated":true}]}}