{"id":971,"date":"2025-03-27T06:56:07","date_gmt":"2025-03-27T05:56:07","guid":{"rendered":"https:\/\/malteriaarbequina.com\/?post_type=product&#038;p=971"},"modified":"2026-04-20T09:24:24","modified_gmt":"2026-04-20T07:24:24","slug":"malta-artesana-pale-ale","status":"publish","type":"product","link":"https:\/\/malteriaarbequina.com\/ca\/producte\/malta-artesana-pale-ale\/","title":{"rendered":"Malta Artesana Pale Ale"},"content":{"rendered":"\t\t<div data-elementor-type=\"product-post\" data-elementor-id=\"971\" class=\"elementor elementor-971 elementor-93\" data-elementor-post-type=\"product\">\n\t\t\t\t<div class=\"elementor-element elementor-element-cdd5bfb e-flex e-con-boxed e-con e-parent\" data-id=\"cdd5bfb\" data-element_type=\"container\" data-e-type=\"container\">\n\t\t\t\t\t<div class=\"e-con-inner\">\n\t\t<div class=\"elementor-element elementor-element-7a25327 e-con-full e-flex e-con e-child\" data-id=\"7a25327\" data-element_type=\"container\" data-e-type=\"container\">\n\t\t\t\t<div class=\"elementor-element elementor-element-3cc3af8 elementor-widget elementor-widget-heading\" data-id=\"3cc3af8\" data-element_type=\"widget\" data-e-type=\"widget\" data-widget_type=\"heading.default\">\n\t\t\t\t<div class=\"elementor-widget-container\">\n\t\t\t\t\t<h2 class=\"elementor-heading-title elementor-size-default\">Control de qualitat garantit<\/h2>\t\t\t\t<\/div>\n\t\t\t\t<\/div>\n\t\t\t\t<div class=\"elementor-element elementor-element-792c251 elementor-widget elementor-widget-text-editor\" data-id=\"792c251\" data-element_type=\"widget\" data-e-type=\"widget\" data-widget_type=\"text-editor.default\">\n\t\t\t\t<div class=\"elementor-widget-container\">\n\t\t\t\t\t\t\t\t\tPer garantir que la nostra malta sigui sempre de la <strong>millor\u00a0<\/strong><strong>qualitat<\/strong>, comptem amb un modern modern laboratori d&#8217;an\u00e0lisi<\/strong>equipat per controlar totes les variables necess\u00e0ries, tant als cereals que arriben com al malt que produ\u00efm. I com volem que aquest recurs tamb\u00e9 serveixi per impulsar el sector cerveser, aquest laboratori estar\u00e0 obert a col\u00b7laboracions externes a la Cooperativa.\t\t\t\t\t\t\t\t<\/div>\n\t\t\t\t<\/div>\n\t\t\t\t<div class=\"elementor-element elementor-element-4c90110 elementor-widget elementor-widget-heading\" data-id=\"4c90110\" data-element_type=\"widget\" data-e-type=\"widget\" data-widget_type=\"heading.default\">\n\t\t\t\t<div class=\"elementor-widget-container\">\n\t\t\t\t\t<h2 class=\"elementor-heading-title elementor-size-default\">Tecnologia moderna al servei de la qualitat<\/h2>\t\t\t\t<\/div>\n\t\t\t\t<\/div>\n\t\t\t\t<div class=\"elementor-element elementor-element-24adb51 elementor-widget elementor-widget-text-editor\" data-id=\"24adb51\" data-element_type=\"widget\" data-e-type=\"widget\" data-widget_type=\"text-editor.default\">\n\t\t\t\t<div class=\"elementor-widget-container\">\n\t\t\t\t\t\t\t\t\tA Malteria Arbequina hem apostat per la tecnologia de\u00a0<strong>caixa-salad\u00ed<\/strong>, un sistema avan\u00e7at que, juntament amb el control autom\u00e0tic de processos com\u00a0<strong>la neteja, homogene\u00eftzaci\u00f3 i\u00a0<\/strong><strong>paletitzaci\u00f3<\/strong>, ens permet garantir que cada lot de malt compleixi amb els<\/strong>.\t\t\t\t\t\t\t\t<\/div>\n\t\t\t\t<\/div>\n\t\t\t\t<div class=\"elementor-element elementor-element-243d1cb elementor-widget elementor-widget-wp-widget-custom_html\" data-id=\"243d1cb\" data-element_type=\"widget\" data-e-type=\"widget\" data-widget_type=\"wp-widget-custom_html.default\">\n\t\t\t\t<div class=\"elementor-widget-container\">\n\t\t\t\t\t<div class=\"textwidget custom-html-widget\"><table style=\"width:100%\">\r\n<tr class=\"fort\"><td>ORIGEN<\/td><td>Ordi de 2 CURSES de la Cooperativa Arbequina. Arbeca - Lleida<\/td><\/tr>\r\n<tr><td>Lliurament<\/td><td><strong>Big bags<\/strong>: sobre palet de 800kg.<br><strong>Palet est\u00e0ndard:<\/strong> Sobre palet de 750kg.<br><strong>Palet a demanda:<\/strong> A partir de 75kg fins a 525kg en salts de 75kg. Opcions: 75kg, 150kg, 225kg, 300kg, 375kg, 450kg, 525kg i 600kg.<br> (En sacs de 25kg)<\/td><\/tr><tr><td>Subministrament<\/td><td>Durant tot l'any<\/td><\/tr>\r\n<tr><td>Emmagatzematge<\/td><td>A cobert, en lloc sec i fresc. Lliure d'insectes<\/td><\/tr>\r\n<tr><td>Consum preferent<\/td><td>12 mesos des de l'envasament<\/td><\/tr>\r\n<\/table><\/div>\t\t\t\t<\/div>\n\t\t\t\t<\/div>\n\t\t\t\t<\/div>\n\t\t<div class=\"elementor-element elementor-element-c87110f e-con-full e-flex e-con e-child\" data-id=\"c87110f\" data-element_type=\"container\" data-e-type=\"container\">\n\t\t\t\t<div class=\"elementor-element elementor-element-720c720 elementor-widget elementor-widget-wp-widget-custom_html\" data-id=\"720c720\" data-element_type=\"widget\" data-e-type=\"widget\" data-widget_type=\"wp-widget-custom_html.default\">\n\t\t\t\t<div class=\"elementor-widget-container\">\n\t\t\t\t\t<div class=\"textwidget custom-html-widget\"><table style=\"width:100%\">\r\n<tr class=\"fort\"><th colspan=\"3\">AN\u00c0LISI F\u00cdSICO-QU\u00cdMIQUES<\/th><td>Llindar<br>acceptaci\u00f3<br>M\u00e0xim<\/td><td>Llindar acceptaci\u00f3 M\u00ednim<\/td><\/tr>\r\n\r\n<tr><td>01<\/td><td>Calibrat &gt; 2,5mm<\/td><td>%<\/td><td>100,00<\/td><td>85,00<\/td><\/tr>\r\n<tr><td>02<\/td><td>Calibrat &lt; 2,2mm<\/td><td>%<\/td><td>5,00<\/td><td>0,01<\/td><\/tr>\r\n<tr><td>03<\/td><td>Humitat<\/td><td>%<\/td><td>5,50<\/td><td>4,00<\/td><\/tr>\r\n<tr><td>04<\/td><td>Extracte fi s.s.<\/td><td>%<\/td><td>84,00<\/td><td>80,00<\/td><\/tr>\r\n<tr><td>05<\/td><td>Color EBC<\/td><td>EBC<\/td><td>9,00<\/td><td>4,00<\/td><\/tr>\r\n<tr><td>06<\/td><td>Postcoloraci\u00f3<\/td><td>EBC<\/td><td>14,00<\/td><td>6,00<\/td><\/tr>\r\n<tr><td>07<\/td><td>Poder Diast\u00e0tic<\/td><td>WK<\/td><td>360,00<\/td><td>150,00<\/td><\/tr>\r\n<tr><td>08<\/td><td>Prote\u00efna total<\/td><td>%<\/td><td>11,50<\/td><td>9,50<\/td><\/tr>\r\n<tr><td>09<\/td><td>Prote\u00efna soluble<\/td><td>%<\/td><td>6,00<\/td><td>3,50<\/td><\/tr>\r\n<tr><td>10<\/td><td>\u00cdndex de Kolbach<\/td><td>%<\/td><td>50,00<\/td><td>42,00<\/td><\/tr>\r\n<tr><td>11<\/td><td>Viscositat<\/td><td>cP<\/td><td>1,60<\/td><td>0,01<\/td><\/tr>\r\n<tr><td>12<\/td><td>Beta-glucans solubles<\/td><td>ppm<\/td><td>250,00<\/td><td>0,01<\/td><\/tr>\r\n<tr><td>13<\/td><td>Nitrogen amino lliure<\/td><td>ppm<\/td><td>300,00<\/td><td>80,00<\/td><\/tr>\r\n<tr><td>14<\/td><td>Friabilitat<\/td><td>%<\/td><td>100,00<\/td><td>80,00<\/td><\/tr>\r\n<tr><td>15<\/td><td>Grans v\u00edtres<\/td><td>%<\/td><td>4,00<\/td><td>0,01<\/td><\/tr>\r\n\r\n<\/table><\/div>\t\t\t\t<\/div>\n\t\t\t\t<\/div>\n\t\t\t\t<div class=\"elementor-element elementor-element-7d5e2fe elementor-widget elementor-widget-text-editor\" data-id=\"7d5e2fe\" data-element_type=\"widget\" data-e-type=\"widget\" data-widget_type=\"text-editor.default\">\n\t\t\t\t<div class=\"elementor-widget-container\">\n\t\t\t\t\t\t\t\t\t<p><strong>Valors generals mitjans mesurats estadisticament<\/strong><\/p>\t\t\t\t\t\t\t\t<\/div>\n\t\t\t\t<\/div>\n\t\t\t\t<\/div>\n\t\t\t\t\t<\/div>\n\t\t\t\t<\/div>\n\t\t\t\t<\/div>\n\t\t","protected":false},"excerpt":{"rendered":"<p><strong>Atenci\u00f3<\/strong>: pot contenir traces de gluten<\/p>\n","protected":false},"featured_media":361,"template":"","meta":{"_monsterinsights_skip_tracking":false,"_monsterinsights_sitenote_active":false,"_monsterinsights_sitenote_note":"","_monsterinsights_sitenote_category":0},"product_brand":[],"product_cat":[62],"product_tag":[],"class_list":{"0":"post-971","1":"product","2":"type-product","3":"status-publish","4":"has-post-thumbnail","6":"product_cat-malta-artesana","8":"first","9":"instock","10":"taxable","11":"shipping-taxable","12":"purchasable","13":"product-type-variable","14":"has-default-attributes"},"yoast_head":"<!-- This site is optimized with the Yoast SEO plugin v27.4 - https:\/\/yoast.com\/product\/yoast-seo-wordpress\/ -->\n<title>Malta Artesana Pale Ale - Malteria Arbequina<\/title>\n<meta name=\"robots\" content=\"index, follow, max-snippet:-1, max-image-preview:large, max-video-preview:-1\" \/>\n<link rel=\"canonical\" href=\"https:\/\/malteriaarbequina.com\/ca\/producte\/malta-artesana-pale-ale\/\" \/>\n<meta property=\"og:locale\" content=\"ca_ES\" \/>\n<meta property=\"og:type\" content=\"article\" \/>\n<meta property=\"og:title\" content=\"Malta Artesana Pale Ale - Malteria Arbequina\" \/>\n<meta property=\"og:description\" content=\"Atenci\u00f3: pot contenir traces de gluten\" \/>\n<meta property=\"og:url\" content=\"https:\/\/malteriaarbequina.com\/ca\/producte\/malta-artesana-pale-ale\/\" \/>\n<meta property=\"og:site_name\" content=\"Malteria Arbequina\" \/>\n<meta property=\"article:modified_time\" content=\"2026-04-20T07:24:24+00:00\" \/>\n<meta property=\"og:image\" content=\"https:\/\/malteriaarbequina.com\/wp-content\/uploads\/2025\/04\/Sac-Pale-Ale.png\" \/>\n\t<meta property=\"og:image:width\" content=\"1146\" \/>\n\t<meta property=\"og:image:height\" content=\"1358\" \/>\n\t<meta property=\"og:image:type\" content=\"image\/png\" \/>\n<meta name=\"twitter:card\" content=\"summary_large_image\" \/>\n<script type=\"application\/ld+json\" class=\"yoast-schema-graph\">{\"@context\":\"https:\\\/\\\/schema.org\",\"@graph\":[{\"@type\":\"WebPage\",\"@id\":\"https:\\\/\\\/malteriaarbequina.com\\\/ca\\\/producte\\\/malta-artesana-pale-ale\\\/\",\"url\":\"https:\\\/\\\/malteriaarbequina.com\\\/ca\\\/producte\\\/malta-artesana-pale-ale\\\/\",\"name\":\"Malta Artesana Pale Ale - Malteria Arbequina\",\"isPartOf\":{\"@id\":\"https:\\\/\\\/malteriaarbequina.com\\\/ca\\\/#website\"},\"primaryImageOfPage\":{\"@id\":\"https:\\\/\\\/malteriaarbequina.com\\\/ca\\\/producte\\\/malta-artesana-pale-ale\\\/#primaryimage\"},\"image\":{\"@id\":\"https:\\\/\\\/malteriaarbequina.com\\\/ca\\\/producte\\\/malta-artesana-pale-ale\\\/#primaryimage\"},\"thumbnailUrl\":\"https:\\\/\\\/malteriaarbequina.com\\\/wp-content\\\/uploads\\\/2025\\\/04\\\/Sac-Pale-Ale.png\",\"datePublished\":\"2025-03-27T05:56:07+00:00\",\"dateModified\":\"2026-04-20T07:24:24+00:00\",\"breadcrumb\":{\"@id\":\"https:\\\/\\\/malteriaarbequina.com\\\/ca\\\/producte\\\/malta-artesana-pale-ale\\\/#breadcrumb\"},\"inLanguage\":\"ca\",\"potentialAction\":[{\"@type\":\"ReadAction\",\"target\":[\"https:\\\/\\\/malteriaarbequina.com\\\/ca\\\/producte\\\/malta-artesana-pale-ale\\\/\"]}]},{\"@type\":\"ImageObject\",\"inLanguage\":\"ca\",\"@id\":\"https:\\\/\\\/malteriaarbequina.com\\\/ca\\\/producte\\\/malta-artesana-pale-ale\\\/#primaryimage\",\"url\":\"https:\\\/\\\/malteriaarbequina.com\\\/wp-content\\\/uploads\\\/2025\\\/04\\\/Sac-Pale-Ale.png\",\"contentUrl\":\"https:\\\/\\\/malteriaarbequina.com\\\/wp-content\\\/uploads\\\/2025\\\/04\\\/Sac-Pale-Ale.png\",\"width\":1146,\"height\":1358},{\"@type\":\"BreadcrumbList\",\"@id\":\"https:\\\/\\\/malteriaarbequina.com\\\/ca\\\/producte\\\/malta-artesana-pale-ale\\\/#breadcrumb\",\"itemListElement\":[{\"@type\":\"ListItem\",\"position\":1,\"name\":\"Portada\",\"item\":\"https:\\\/\\\/malteriaarbequina.com\\\/ca\\\/\"},{\"@type\":\"ListItem\",\"position\":2,\"name\":\"Botiga\",\"item\":\"https:\\\/\\\/malteriaarbequina.com\\\/ca\\\/botiga\\\/\"},{\"@type\":\"ListItem\",\"position\":3,\"name\":\"Malta Artesana Pale Ale\"}]},{\"@type\":\"WebSite\",\"@id\":\"https:\\\/\\\/malteriaarbequina.com\\\/ca\\\/#website\",\"url\":\"https:\\\/\\\/malteriaarbequina.com\\\/ca\\\/\",\"name\":\"Malteria Arbequina\",\"description\":\"Malta artesana para artesanos\",\"publisher\":{\"@id\":\"https:\\\/\\\/malteriaarbequina.com\\\/ca\\\/#organization\"},\"potentialAction\":[{\"@type\":\"SearchAction\",\"target\":{\"@type\":\"EntryPoint\",\"urlTemplate\":\"https:\\\/\\\/malteriaarbequina.com\\\/ca\\\/?s={search_term_string}\"},\"query-input\":{\"@type\":\"PropertyValueSpecification\",\"valueRequired\":true,\"valueName\":\"search_term_string\"}}],\"inLanguage\":\"ca\"},{\"@type\":\"Organization\",\"@id\":\"https:\\\/\\\/malteriaarbequina.com\\\/ca\\\/#organization\",\"name\":\"Malteria Arbequina\",\"url\":\"https:\\\/\\\/malteriaarbequina.com\\\/ca\\\/\",\"logo\":{\"@type\":\"ImageObject\",\"inLanguage\":\"ca\",\"@id\":\"https:\\\/\\\/malteriaarbequina.com\\\/ca\\\/#\\\/schema\\\/logo\\\/image\\\/\",\"url\":\"https:\\\/\\\/malteriaarbequina.com\\\/wp-content\\\/uploads\\\/2025\\\/04\\\/logo-malteria.png\",\"contentUrl\":\"https:\\\/\\\/malteriaarbequina.com\\\/wp-content\\\/uploads\\\/2025\\\/04\\\/logo-malteria.png\",\"width\":1149,\"height\":686,\"caption\":\"Malteria Arbequina\"},\"image\":{\"@id\":\"https:\\\/\\\/malteriaarbequina.com\\\/ca\\\/#\\\/schema\\\/logo\\\/image\\\/\"}}]}<\/script>\n<!-- \/ Yoast SEO plugin. -->","yoast_head_json":{"title":"Malta Artesana Pale Ale - Malteria Arbequina","robots":{"index":"index","follow":"follow","max-snippet":"max-snippet:-1","max-image-preview":"max-image-preview:large","max-video-preview":"max-video-preview:-1"},"canonical":"https:\/\/malteriaarbequina.com\/ca\/producte\/malta-artesana-pale-ale\/","og_locale":"ca_ES","og_type":"article","og_title":"Malta Artesana Pale Ale - Malteria Arbequina","og_description":"Atenci\u00f3: pot contenir traces de gluten","og_url":"https:\/\/malteriaarbequina.com\/ca\/producte\/malta-artesana-pale-ale\/","og_site_name":"Malteria Arbequina","article_modified_time":"2026-04-20T07:24:24+00:00","og_image":[{"width":1146,"height":1358,"url":"https:\/\/malteriaarbequina.com\/wp-content\/uploads\/2025\/04\/Sac-Pale-Ale.png","type":"image\/png"}],"twitter_card":"summary_large_image","schema":{"@context":"https:\/\/schema.org","@graph":[{"@type":"WebPage","@id":"https:\/\/malteriaarbequina.com\/ca\/producte\/malta-artesana-pale-ale\/","url":"https:\/\/malteriaarbequina.com\/ca\/producte\/malta-artesana-pale-ale\/","name":"Malta Artesana Pale Ale - Malteria Arbequina","isPartOf":{"@id":"https:\/\/malteriaarbequina.com\/ca\/#website"},"primaryImageOfPage":{"@id":"https:\/\/malteriaarbequina.com\/ca\/producte\/malta-artesana-pale-ale\/#primaryimage"},"image":{"@id":"https:\/\/malteriaarbequina.com\/ca\/producte\/malta-artesana-pale-ale\/#primaryimage"},"thumbnailUrl":"https:\/\/malteriaarbequina.com\/wp-content\/uploads\/2025\/04\/Sac-Pale-Ale.png","datePublished":"2025-03-27T05:56:07+00:00","dateModified":"2026-04-20T07:24:24+00:00","breadcrumb":{"@id":"https:\/\/malteriaarbequina.com\/ca\/producte\/malta-artesana-pale-ale\/#breadcrumb"},"inLanguage":"ca","potentialAction":[{"@type":"ReadAction","target":["https:\/\/malteriaarbequina.com\/ca\/producte\/malta-artesana-pale-ale\/"]}]},{"@type":"ImageObject","inLanguage":"ca","@id":"https:\/\/malteriaarbequina.com\/ca\/producte\/malta-artesana-pale-ale\/#primaryimage","url":"https:\/\/malteriaarbequina.com\/wp-content\/uploads\/2025\/04\/Sac-Pale-Ale.png","contentUrl":"https:\/\/malteriaarbequina.com\/wp-content\/uploads\/2025\/04\/Sac-Pale-Ale.png","width":1146,"height":1358},{"@type":"BreadcrumbList","@id":"https:\/\/malteriaarbequina.com\/ca\/producte\/malta-artesana-pale-ale\/#breadcrumb","itemListElement":[{"@type":"ListItem","position":1,"name":"Portada","item":"https:\/\/malteriaarbequina.com\/ca\/"},{"@type":"ListItem","position":2,"name":"Botiga","item":"https:\/\/malteriaarbequina.com\/ca\/botiga\/"},{"@type":"ListItem","position":3,"name":"Malta Artesana Pale Ale"}]},{"@type":"WebSite","@id":"https:\/\/malteriaarbequina.com\/ca\/#website","url":"https:\/\/malteriaarbequina.com\/ca\/","name":"Malteria Arbequina","description":"Malta artesana para artesanos","publisher":{"@id":"https:\/\/malteriaarbequina.com\/ca\/#organization"},"potentialAction":[{"@type":"SearchAction","target":{"@type":"EntryPoint","urlTemplate":"https:\/\/malteriaarbequina.com\/ca\/?s={search_term_string}"},"query-input":{"@type":"PropertyValueSpecification","valueRequired":true,"valueName":"search_term_string"}}],"inLanguage":"ca"},{"@type":"Organization","@id":"https:\/\/malteriaarbequina.com\/ca\/#organization","name":"Malteria Arbequina","url":"https:\/\/malteriaarbequina.com\/ca\/","logo":{"@type":"ImageObject","inLanguage":"ca","@id":"https:\/\/malteriaarbequina.com\/ca\/#\/schema\/logo\/image\/","url":"https:\/\/malteriaarbequina.com\/wp-content\/uploads\/2025\/04\/logo-malteria.png","contentUrl":"https:\/\/malteriaarbequina.com\/wp-content\/uploads\/2025\/04\/logo-malteria.png","width":1149,"height":686,"caption":"Malteria Arbequina"},"image":{"@id":"https:\/\/malteriaarbequina.com\/ca\/#\/schema\/logo\/image\/"}}]}},"_links":{"self":[{"href":"https:\/\/malteriaarbequina.com\/ca\/wp-json\/wp\/v2\/product\/971","targetHints":{"allow":["GET"]}}],"collection":[{"href":"https:\/\/malteriaarbequina.com\/ca\/wp-json\/wp\/v2\/product"}],"about":[{"href":"https:\/\/malteriaarbequina.com\/ca\/wp-json\/wp\/v2\/types\/product"}],"version-history":[{"count":20,"href":"https:\/\/malteriaarbequina.com\/ca\/wp-json\/wp\/v2\/product\/971\/revisions"}],"predecessor-version":[{"id":1541,"href":"https:\/\/malteriaarbequina.com\/ca\/wp-json\/wp\/v2\/product\/971\/revisions\/1541"}],"wp:featuredmedia":[{"embeddable":true,"href":"https:\/\/malteriaarbequina.com\/ca\/wp-json\/wp\/v2\/media\/361"}],"wp:attachment":[{"href":"https:\/\/malteriaarbequina.com\/ca\/wp-json\/wp\/v2\/media?parent=971"}],"wp:term":[{"taxonomy":"product_brand","embeddable":true,"href":"https:\/\/malteriaarbequina.com\/ca\/wp-json\/wp\/v2\/product_brand?post=971"},{"taxonomy":"product_cat","embeddable":true,"href":"https:\/\/malteriaarbequina.com\/ca\/wp-json\/wp\/v2\/product_cat?post=971"},{"taxonomy":"product_tag","embeddable":true,"href":"https:\/\/malteriaarbequina.com\/ca\/wp-json\/wp\/v2\/product_tag?post=971"}],"curies":[{"name":"wp","href":"https:\/\/api.w.org\/{rel}","templated":true}]}}